{"id":118,"date":"2021-05-26T01:16:50","date_gmt":"2021-05-25T23:16:50","guid":{"rendered":"http:\/\/nodul.free.fr\/?page_id=6"},"modified":"2025-05-16T10:38:04","modified_gmt":"2025-05-16T08:38:04","slug":"a-propos-de","status":"publish","type":"page","link":"https:\/\/lacapelle-segalar.fr\/index.php\/a-propos-de\/","title":{"rendered":"Les services"},"content":{"rendered":"\n<p class=\"has-ast-global-color-8-color has-text-color has-background\" style=\"background-color:#f8de96\">Toute l\u2019ann\u00e9e  et sans interruption, la commune met en \u0153uvre  diff\u00e9rentes actions \u00e0 destination de ses habitants. D\u00e9couvrez ci-dessous  plus d\u2019informations sur les itin\u00e9rants, les mara\u00eechers et les num\u00e9ros de t\u00e9l\u00e9phone de premi\u00e8re n\u00e9cessit\u00e9.&nbsp;<\/p>\n\n\n\n<hr class=\"wp-block-separator has-text-color has-ast-global-color-6-color has-alpha-channel-opacity has-ast-global-color-6-background-color has-background is-style-wide\"\/>\n\n\n\n<figure class=\"wp-block-image aligncenter size-large\"><img loading=\"lazy\" decoding=\"async\" width=\"1024\" height=\"768\" src=\"https:\/\/lacapelle-segalar.fr\/wp-content\/uploads\/2025\/05\/Flyer-Decla-Fonciere-pour-usager-1-1024x768.jpg\" alt=\"\" class=\"wp-image-1913\" srcset=\"https:\/\/lacapelle-segalar.fr\/wp-content\/uploads\/2025\/05\/Flyer-Decla-Fonciere-pour-usager-1-1024x768.jpg 1024w, https:\/\/lacapelle-segalar.fr\/wp-content\/uploads\/2025\/05\/Flyer-Decla-Fonciere-pour-usager-1-300x225.jpg 300w, https:\/\/lacapelle-segalar.fr\/wp-content\/uploads\/2025\/05\/Flyer-Decla-Fonciere-pour-usager-1-768x576.jpg 768w, https:\/\/lacapelle-segalar.fr\/wp-content\/uploads\/2025\/05\/Flyer-Decla-Fonciere-pour-usager-1-1536x1152.jpg 1536w, https:\/\/lacapelle-segalar.fr\/wp-content\/uploads\/2025\/05\/Flyer-Decla-Fonciere-pour-usager-1-2048x1536.jpg 2048w\" sizes=\"auto, (max-width: 1024px) 100vw, 1024px\" \/><\/figure>\n\n\n\n<figure class=\"wp-block-image aligncenter size-large\"><img loading=\"lazy\" decoding=\"async\" width=\"1024\" height=\"768\" src=\"https:\/\/lacapelle-segalar.fr\/wp-content\/uploads\/2025\/05\/Flyer-Decla-Fonciere-pour-usager-2-1-1024x768.jpg\" alt=\"\" class=\"wp-image-1914\" srcset=\"https:\/\/lacapelle-segalar.fr\/wp-content\/uploads\/2025\/05\/Flyer-Decla-Fonciere-pour-usager-2-1-1024x768.jpg 1024w, https:\/\/lacapelle-segalar.fr\/wp-content\/uploads\/2025\/05\/Flyer-Decla-Fonciere-pour-usager-2-1-300x225.jpg 300w, https:\/\/lacapelle-segalar.fr\/wp-content\/uploads\/2025\/05\/Flyer-Decla-Fonciere-pour-usager-2-1-768x576.jpg 768w, https:\/\/lacapelle-segalar.fr\/wp-content\/uploads\/2025\/05\/Flyer-Decla-Fonciere-pour-usager-2-1-1536x1152.jpg 1536w, https:\/\/lacapelle-segalar.fr\/wp-content\/uploads\/2025\/05\/Flyer-Decla-Fonciere-pour-usager-2-1-2048x1536.jpg 2048w\" sizes=\"auto, (max-width: 1024px) 100vw, 1024px\" \/><\/figure>\n\n\n\n<hr class=\"wp-block-separator has-text-color has-ast-global-color-6-color has-alpha-channel-opacity has-ast-global-color-6-background-color has-background is-style-wide\"\/>\n\n\n\n<p class=\"has-text-align-center has-ast-global-color-8-color has-text-color has-background\" style=\"background:linear-gradient(137deg,rgb(202,248,128) 0%,rgb(113,206,126) 100%)\">                                                                                                                                  <strong>ALLO FRELONS<\/strong>                                                                                                                                                                                                                                                                                                                                                                                                                                                                                                                   <a href=\"https:\/\/4dog7.r.a.d.sendibm1.com\/mk\/cl\/f\/03uR_WChYuvv0uyjcZU9RKhiPpIoQQEqPSdx2apso_uE-I4idq2O72feMeNQAuE_6flHU2r3YcccnzX2oTGHck0fqdUAnEzvUmqW6ucb0pjsbU88FDEW9JgQ3uqAhOPsH6t86Bm9Ltv6s6JbtZfyf2rhu350jk24IHHZVSvB5LcfrrmSbZq3syEehqGTCBjGIiXt3COc37FtDC-qiescT2wXGJvL\">allofrelons@gmail.com<\/a><br><a href=\"tel:+33175437860\">+33 (0)6 75 36 24 05<\/a><\/p>\n\n\n\n<hr class=\"wp-block-separator has-text-color has-ast-global-color-6-color has-alpha-channel-opacity has-ast-global-color-6-background-color has-background is-style-wide\"\/>\n\n\n\n<figure class=\"wp-block-image aligncenter size-large is-resized\"><img loading=\"lazy\" decoding=\"async\" width=\"1024\" height=\"576\" src=\"https:\/\/lacapelle-segalar.fr\/wp-content\/uploads\/2023\/07\/2023-07-Modecom-poubelle-1024x576.jpg\" alt=\"\" class=\"wp-image-1296\" srcset=\"https:\/\/lacapelle-segalar.fr\/wp-content\/uploads\/2023\/07\/2023-07-Modecom-poubelle-1024x576.jpg 1024w, https:\/\/lacapelle-segalar.fr\/wp-content\/uploads\/2023\/07\/2023-07-Modecom-poubelle-300x169.jpg 300w, https:\/\/lacapelle-segalar.fr\/wp-content\/uploads\/2023\/07\/2023-07-Modecom-poubelle-768x432.jpg 768w, https:\/\/lacapelle-segalar.fr\/wp-content\/uploads\/2023\/07\/2023-07-Modecom-poubelle.jpg 1333w\" sizes=\"auto, (max-width: 1024px) 100vw, 1024px\" \/><\/figure>\n\n\n\n<figure class=\"wp-block-image aligncenter size-large\"><img loading=\"lazy\" decoding=\"async\" width=\"1024\" height=\"724\" src=\"https:\/\/lacapelle-segalar.fr\/wp-content\/uploads\/2023\/07\/2023-07-Recyclage-des-textiles-1024x724.jpg\" alt=\"\" class=\"wp-image-1298\" srcset=\"https:\/\/lacapelle-segalar.fr\/wp-content\/uploads\/2023\/07\/2023-07-Recyclage-des-textiles-1024x724.jpg 1024w, https:\/\/lacapelle-segalar.fr\/wp-content\/uploads\/2023\/07\/2023-07-Recyclage-des-textiles-300x212.jpg 300w, https:\/\/lacapelle-segalar.fr\/wp-content\/uploads\/2023\/07\/2023-07-Recyclage-des-textiles-768x543.jpg 768w, https:\/\/lacapelle-segalar.fr\/wp-content\/uploads\/2023\/07\/2023-07-Recyclage-des-textiles.jpg 1169w\" sizes=\"auto, (max-width: 1024px) 100vw, 1024px\" \/><\/figure>\n\n\n\n<figure class=\"wp-block-image aligncenter size-large is-resized\"><img loading=\"lazy\" decoding=\"async\" width=\"1024\" height=\"724\" src=\"https:\/\/lacapelle-segalar.fr\/wp-content\/uploads\/2023\/07\/2023-07-Affiche-mise-a-disposition-gobelet-reutilisable-4C-1024x724.jpg\" alt=\"\" class=\"wp-image-1299\" style=\"width:818px;height:578px\" srcset=\"https:\/\/lacapelle-segalar.fr\/wp-content\/uploads\/2023\/07\/2023-07-Affiche-mise-a-disposition-gobelet-reutilisable-4C-1024x724.jpg 1024w, https:\/\/lacapelle-segalar.fr\/wp-content\/uploads\/2023\/07\/2023-07-Affiche-mise-a-disposition-gobelet-reutilisable-4C-300x212.jpg 300w, https:\/\/lacapelle-segalar.fr\/wp-content\/uploads\/2023\/07\/2023-07-Affiche-mise-a-disposition-gobelet-reutilisable-4C-768x543.jpg 768w, https:\/\/lacapelle-segalar.fr\/wp-content\/uploads\/2023\/07\/2023-07-Affiche-mise-a-disposition-gobelet-reutilisable-4C.jpg 1169w\" sizes=\"auto, (max-width: 1024px) 100vw, 1024px\" \/><\/figure>\n\n\n\n<hr class=\"wp-block-separator has-text-color has-ast-global-color-6-color has-alpha-channel-opacity has-ast-global-color-6-background-color has-background is-style-wide\"\/>\n\n\n\n<div class=\"wp-block-columns is-layout-flex wp-container-core-columns-is-layout-28f84493 wp-block-columns-is-layout-flex\">\n<div class=\"wp-block-column is-layout-flow wp-block-column-is-layout-flow\">\n<figure class=\"wp-block-image size-full\"><img loading=\"lazy\" decoding=\"async\" width=\"582\" height=\"826\" src=\"https:\/\/lacapelle-segalar.fr\/wp-content\/uploads\/2023\/02\/2023-02-CPTS-1-1.jpg\" alt=\"\" class=\"wp-image-1174\" srcset=\"https:\/\/lacapelle-segalar.fr\/wp-content\/uploads\/2023\/02\/2023-02-CPTS-1-1.jpg 582w, https:\/\/lacapelle-segalar.fr\/wp-content\/uploads\/2023\/02\/2023-02-CPTS-1-1-211x300.jpg 211w\" sizes=\"auto, (max-width: 582px) 100vw, 582px\" \/><\/figure>\n<\/div>\n\n\n\n<div class=\"wp-block-column is-layout-flow wp-block-column-is-layout-flow\">\n<figure class=\"wp-block-image size-full\"><img loading=\"lazy\" decoding=\"async\" width=\"582\" height=\"826\" src=\"https:\/\/lacapelle-segalar.fr\/wp-content\/uploads\/2023\/02\/2023-02-CPTS-2-1.jpg\" alt=\"\" class=\"wp-image-1175\" srcset=\"https:\/\/lacapelle-segalar.fr\/wp-content\/uploads\/2023\/02\/2023-02-CPTS-2-1.jpg 582w, https:\/\/lacapelle-segalar.fr\/wp-content\/uploads\/2023\/02\/2023-02-CPTS-2-1-211x300.jpg 211w\" sizes=\"auto, (max-width: 582px) 100vw, 582px\" \/><\/figure>\n<\/div>\n<\/div>\n\n\n\n<hr class=\"wp-block-separator has-text-color has-ast-global-color-6-color has-alpha-channel-opacity has-ast-global-color-6-background-color has-background is-style-wide\"\/>\n\n\n\n<div class=\"wp-block-columns is-layout-flex wp-container-core-columns-is-layout-28f84493 wp-block-columns-is-layout-flex\">\n<div class=\"wp-block-column is-vertically-aligned-center is-layout-flow wp-block-column-is-layout-flow\">\n<figure class=\"wp-block-image aligncenter size-full\"><img loading=\"lazy\" decoding=\"async\" width=\"826\" height=\"582\" src=\"https:\/\/lacapelle-segalar.fr\/wp-content\/uploads\/2023\/01\/2023-01-EncartPub_CelineCASTELA-1.jpg\" alt=\"\" class=\"wp-image-1154\" srcset=\"https:\/\/lacapelle-segalar.fr\/wp-content\/uploads\/2023\/01\/2023-01-EncartPub_CelineCASTELA-1.jpg 826w, https:\/\/lacapelle-segalar.fr\/wp-content\/uploads\/2023\/01\/2023-01-EncartPub_CelineCASTELA-1-300x211.jpg 300w, https:\/\/lacapelle-segalar.fr\/wp-content\/uploads\/2023\/01\/2023-01-EncartPub_CelineCASTELA-1-768x541.jpg 768w\" sizes=\"auto, (max-width: 826px) 100vw, 826px\" \/><\/figure>\n<\/div>\n<\/div>\n\n\n\n<hr class=\"wp-block-separator has-text-color has-ast-global-color-6-color has-alpha-channel-opacity has-ast-global-color-6-background-color has-background is-style-wide\"\/>\n\n\n\n<figure class=\"wp-block-image aligncenter size-large is-resized\"><img loading=\"lazy\" decoding=\"async\" width=\"1169\" height=\"826\" src=\"https:\/\/lacapelle-segalar.fr\/wp-content\/uploads\/2023\/12\/2024-Planning-collecte-edited.jpg\" alt=\"\" class=\"wp-image-1529\" style=\"aspect-ratio:1.4152542372881356;width:894px;height:auto\" srcset=\"https:\/\/lacapelle-segalar.fr\/wp-content\/uploads\/2023\/12\/2024-Planning-collecte-edited.jpg 1169w, https:\/\/lacapelle-segalar.fr\/wp-content\/uploads\/2023\/12\/2024-Planning-collecte-edited-300x212.jpg 300w, https:\/\/lacapelle-segalar.fr\/wp-content\/uploads\/2023\/12\/2024-Planning-collecte-edited-1024x724.jpg 1024w, https:\/\/lacapelle-segalar.fr\/wp-content\/uploads\/2023\/12\/2024-Planning-collecte-edited-768x543.jpg 768w\" sizes=\"auto, (max-width: 1169px) 100vw, 1169px\" \/><\/figure>\n\n\n\n<hr class=\"wp-block-separator has-text-color has-ast-global-color-6-color has-alpha-channel-opacity has-ast-global-color-6-background-color has-background is-style-wide\"\/>\n\n\n\n<div class=\"wp-block-columns is-layout-flex wp-container-core-columns-is-layout-28f84493 wp-block-columns-is-layout-flex\">\n<div class=\"wp-block-column is-layout-flow wp-block-column-is-layout-flow\">\n<figure class=\"wp-block-image aligncenter size-large\"><img loading=\"lazy\" decoding=\"async\" width=\"1024\" height=\"486\" src=\"https:\/\/lacapelle-segalar.fr\/wp-content\/uploads\/2023\/01\/2022-5422-Cordais_Depliant_A5-V2-1-1-1024x486.jpg\" alt=\"\" class=\"wp-image-1159\" srcset=\"https:\/\/lacapelle-segalar.fr\/wp-content\/uploads\/2023\/01\/2022-5422-Cordais_Depliant_A5-V2-1-1-1024x486.jpg 1024w, https:\/\/lacapelle-segalar.fr\/wp-content\/uploads\/2023\/01\/2022-5422-Cordais_Depliant_A5-V2-1-1-300x142.jpg 300w, https:\/\/lacapelle-segalar.fr\/wp-content\/uploads\/2023\/01\/2022-5422-Cordais_Depliant_A5-V2-1-1-768x365.jpg 768w, https:\/\/lacapelle-segalar.fr\/wp-content\/uploads\/2023\/01\/2022-5422-Cordais_Depliant_A5-V2-1-1-1536x729.jpg 1536w, https:\/\/lacapelle-segalar.fr\/wp-content\/uploads\/2023\/01\/2022-5422-Cordais_Depliant_A5-V2-1-1.jpg 1740w\" sizes=\"auto, (max-width: 1024px) 100vw, 1024px\" \/><\/figure>\n<\/div>\n<\/div>\n\n\n\n<div class=\"wp-block-columns is-layout-flex wp-container-core-columns-is-layout-28f84493 wp-block-columns-is-layout-flex\">\n<div class=\"wp-block-column is-layout-flow wp-block-column-is-layout-flow\">\n<figure class=\"wp-block-image aligncenter size-large\"><img loading=\"lazy\" decoding=\"async\" width=\"1024\" height=\"486\" src=\"https:\/\/lacapelle-segalar.fr\/wp-content\/uploads\/2023\/01\/2022-5422-Cordais_Depliant_A5-V2-2-1-1024x486.jpg\" alt=\"\" class=\"wp-image-1160\" srcset=\"https:\/\/lacapelle-segalar.fr\/wp-content\/uploads\/2023\/01\/2022-5422-Cordais_Depliant_A5-V2-2-1-1024x486.jpg 1024w, https:\/\/lacapelle-segalar.fr\/wp-content\/uploads\/2023\/01\/2022-5422-Cordais_Depliant_A5-V2-2-1-300x142.jpg 300w, https:\/\/lacapelle-segalar.fr\/wp-content\/uploads\/2023\/01\/2022-5422-Cordais_Depliant_A5-V2-2-1-768x365.jpg 768w, https:\/\/lacapelle-segalar.fr\/wp-content\/uploads\/2023\/01\/2022-5422-Cordais_Depliant_A5-V2-2-1-1536x729.jpg 1536w, https:\/\/lacapelle-segalar.fr\/wp-content\/uploads\/2023\/01\/2022-5422-Cordais_Depliant_A5-V2-2-1.jpg 1740w\" sizes=\"auto, (max-width: 1024px) 100vw, 1024px\" \/><\/figure>\n<\/div>\n<\/div>\n\n\n\n<hr class=\"wp-block-separator has-text-color has-ast-global-color-6-color has-alpha-channel-opacity has-ast-global-color-6-background-color has-background is-style-wide\"\/>\n\n\n\n<p class=\"has-text-align-center has-ast-global-color-8-color has-text-color has-background\" style=\"background-color:#f8de96\"><strong>Num\u00e9ros utiles :<\/strong><\/p>\n\n\n\n<figure class=\"wp-block-image aligncenter\"><img decoding=\"async\" src=\"https:\/\/encrypted-tbn0.gstatic.com\/images?q=tbn:ANd9GcRf-QgZubWqMA55YGGO4i5ouszdBnSTFy_6ZSUChoBT-0R3iCkrvbXMeGS7kx3Q3Xyc9ng&amp;usqp=CAU\" alt=\"\"\/><figcaption class=\"wp-element-caption\"><strong><span class=\"has-inline-color has-ast-global-color-8-color\">Pompiers : 18 <\/span><\/strong><\/figcaption><\/figure>\n\n\n\n<figure class=\"wp-block-image aligncenter size-full\"><img loading=\"lazy\" decoding=\"async\" width=\"274\" height=\"184\" src=\"https:\/\/lacapelle-segalar.fr\/wp-content\/uploads\/2021\/12\/image-1.png\" alt=\"\" class=\"wp-image-536\"\/><figcaption class=\"wp-element-caption\"><strong><span class=\"has-inline-color has-ast-global-color-8-color\">SAMU : 15<\/span><\/strong><\/figcaption><\/figure>\n\n\n\n<figure class=\"wp-block-image aligncenter size-full\"><img loading=\"lazy\" decoding=\"async\" width=\"377\" height=\"134\" src=\"https:\/\/lacapelle-segalar.fr\/wp-content\/uploads\/2021\/12\/image.jpeg\" alt=\"\" class=\"wp-image-537\" srcset=\"https:\/\/lacapelle-segalar.fr\/wp-content\/uploads\/2021\/12\/image.jpeg 377w, https:\/\/lacapelle-segalar.fr\/wp-content\/uploads\/2021\/12\/image-300x107.jpeg 300w\" sizes=\"auto, (max-width: 377px) 100vw, 377px\" \/><figcaption class=\"wp-element-caption\"><strong><span class=\"has-inline-color has-ast-global-color-8-color\">EDF urgence d\u00e9pannages : 0810 333 081<\/span><\/strong><\/figcaption><\/figure>\n\n\n\n<figure class=\"wp-block-image aligncenter size-full\"><img loading=\"lazy\" decoding=\"async\" width=\"267\" height=\"189\" src=\"https:\/\/lacapelle-segalar.fr\/wp-content\/uploads\/2021\/12\/image-2.png\" alt=\"\" class=\"wp-image-538\"\/><figcaption class=\"wp-element-caption\"><strong><span class=\"has-inline-color has-ast-global-color-8-color\">Centre anti-poison : 05 61 77 74 47<\/span><\/strong><\/figcaption><\/figure>\n\n\n\n<div class=\"inherit-container-width wp-block-group is-layout-constrained wp-block-group-is-layout-constrained\"><div class=\"wp-block-group__inner-container\">\n<figure class=\"wp-block-image aligncenter size-full\"><img loading=\"lazy\" decoding=\"async\" width=\"150\" height=\"240\" src=\"https:\/\/lacapelle-segalar.fr\/wp-content\/uploads\/2021\/12\/image-3.png\" alt=\"\" class=\"wp-image-539\"\/><figcaption class=\"wp-element-caption\"><strong><span class=\"has-inline-color has-ast-global-color-8-color\">D\u00e9ch\u00e8terie TRIFYL de Les Cabannes :<br>Mardi, mercredi, vendredi, samedi de 9h00 \u00e0 12h00 et de 14h00 \u00e0 18h T\u00e9l. : 05.63.56.19.01<\/span><\/strong><\/figcaption><\/figure>\n<\/div><\/div>\n\n\n\n<hr class=\"wp-block-separator has-text-color has-ast-global-color-6-color has-alpha-channel-opacity has-ast-global-color-6-background-color has-background\"\/>\n\n\n\n<figure class=\"wp-block-image aligncenter size-large is-resized\"><img loading=\"lazy\" decoding=\"async\" width=\"1024\" height=\"724\" src=\"https:\/\/lacapelle-segalar.fr\/wp-content\/uploads\/2021\/12\/Gendarmerie-2-1024x724.jpg\" alt=\"\" class=\"wp-image-484\" style=\"width:768px;height:543px\" srcset=\"https:\/\/lacapelle-segalar.fr\/wp-content\/uploads\/2021\/12\/Gendarmerie-2-1024x724.jpg 1024w, https:\/\/lacapelle-segalar.fr\/wp-content\/uploads\/2021\/12\/Gendarmerie-2-300x212.jpg 300w, https:\/\/lacapelle-segalar.fr\/wp-content\/uploads\/2021\/12\/Gendarmerie-2-768x543.jpg 768w, https:\/\/lacapelle-segalar.fr\/wp-content\/uploads\/2021\/12\/Gendarmerie-2-1536x1087.jpg 1536w, https:\/\/lacapelle-segalar.fr\/wp-content\/uploads\/2021\/12\/Gendarmerie-2-2048x1449.jpg 2048w\" sizes=\"auto, (max-width: 1024px) 100vw, 1024px\" \/><\/figure>\n\n\n\n<hr class=\"wp-block-separator has-text-color has-ast-global-color-6-color has-alpha-channel-opacity has-ast-global-color-6-background-color has-background\"\/>\n\n\n\n<figure class=\"wp-block-image aligncenter size-large is-resized\"><img loading=\"lazy\" decoding=\"async\" width=\"706\" height=\"1024\" src=\"https:\/\/lacapelle-segalar.fr\/wp-content\/uploads\/2021\/12\/Aveyronnaise-des-eaux-706x1024.png\" alt=\"\" class=\"wp-image-532\" style=\"width:530px;height:768px\" srcset=\"https:\/\/lacapelle-segalar.fr\/wp-content\/uploads\/2021\/12\/Aveyronnaise-des-eaux-706x1024.png 706w, https:\/\/lacapelle-segalar.fr\/wp-content\/uploads\/2021\/12\/Aveyronnaise-des-eaux-207x300.png 207w, https:\/\/lacapelle-segalar.fr\/wp-content\/uploads\/2021\/12\/Aveyronnaise-des-eaux-768x1114.png 768w, https:\/\/lacapelle-segalar.fr\/wp-content\/uploads\/2021\/12\/Aveyronnaise-des-eaux-1059x1536.png 1059w, https:\/\/lacapelle-segalar.fr\/wp-content\/uploads\/2021\/12\/Aveyronnaise-des-eaux-1412x2048.png 1412w\" sizes=\"auto, (max-width: 706px) 100vw, 706px\" \/><\/figure>\n","protected":false},"excerpt":{"rendered":"<p>Toute l\u2019ann\u00e9e et sans interruption, la commune met en \u0153uvre diff\u00e9rentes actions \u00e0 destination de ses habitants. D\u00e9couvrez ci-dessous plus d\u2019informations sur les itin\u00e9rants, les mara\u00eechers et les num\u00e9ros de t\u00e9l\u00e9phone de premi\u00e8re n\u00e9cessit\u00e9.&nbsp; ALLO FRELONS allofrelons@gmail.com+33 (0)6 75 36 24 05 Num\u00e9ros utiles :<\/p>\n","protected":false},"author":1,"featured_media":0,"parent":0,"menu_order":0,"comment_status":"closed","ping_status":"closed","template":"","meta":{"site-sidebar-layout":"default","site-content-layout":"default","ast-site-content-layout":"default","site-content-style":"default","site-sidebar-style":"default","ast-global-header-display":"","ast-banner-title-visibility":"","ast-main-header-display":"","ast-hfb-above-header-display":"","ast-hfb-below-header-display":"","ast-hfb-mobile-header-display":"","site-post-title":"","ast-breadcrumbs-content":"","ast-featured-img":"","footer-sml-layout":"","ast-disable-related-posts":"","theme-transparent-header-meta":"default","adv-header-id-meta":"","stick-header-meta":"","header-above-stick-meta":"","header-main-stick-meta":"","header-below-stick-meta":"","astra-migrate-meta-layouts":"set","ast-page-background-enabled":"default","ast-page-background-meta":{"desktop":{"background-color":"var(--ast-global-color-4)","background-image":"","background-repeat":"repeat","background-position":"center center","background-size":"auto","background-attachment":"scroll","background-type":"","background-media":"","overlay-type":"","overlay-color":"","overlay-opacity":"","overlay-gradient":""},"tablet":{"background-color":"","background-image":"","background-repeat":"repeat","background-position":"center center","background-size":"auto","background-attachment":"scroll","background-type":"","background-media":"","overlay-type":"","overlay-color":"","overlay-opacity":"","overlay-gradient":""},"mobile":{"background-color":"","background-image":"","background-repeat":"repeat","background-position":"center center","background-size":"auto","background-attachment":"scroll","background-type":"","background-media":"","overlay-type":"","overlay-color":"","overlay-opacity":"","overlay-gradient":""}},"ast-content-background-meta":{"desktop":{"background-color":"var(--ast-global-color-5)","background-image":"","background-repeat":"repeat","background-position":"center center","background-size":"auto","background-attachment":"scroll","background-type":"","background-media":"","overlay-type":"","overlay-color":"","overlay-opacity":"","overlay-gradient":""},"tablet":{"background-color":"var(--ast-global-color-5)","background-image":"","background-repeat":"repeat","background-position":"center center","background-size":"auto","background-attachment":"scroll","background-type":"","background-media":"","overlay-type":"","overlay-color":"","overlay-opacity":"","overlay-gradient":""},"mobile":{"background-color":"var(--ast-global-color-5)","background-image":"","background-repeat":"repeat","background-position":"center center","background-size":"auto","background-attachment":"scroll","background-type":"","background-media":"","overlay-type":"","overlay-color":"","overlay-opacity":"","overlay-gradient":""}},"footnotes":""},"class_list":["post-118","page","type-page","status-publish","hentry"],"_links":{"self":[{"href":"https:\/\/lacapelle-segalar.fr\/index.php\/wp-json\/wp\/v2\/pages\/118","targetHints":{"allow":["GET"]}}],"collection":[{"href":"https:\/\/lacapelle-segalar.fr\/index.php\/wp-json\/wp\/v2\/pages"}],"about":[{"href":"https:\/\/lacapelle-segalar.fr\/index.php\/wp-json\/wp\/v2\/types\/page"}],"author":[{"embeddable":true,"href":"https:\/\/lacapelle-segalar.fr\/index.php\/wp-json\/wp\/v2\/users\/1"}],"replies":[{"embeddable":true,"href":"https:\/\/lacapelle-segalar.fr\/index.php\/wp-json\/wp\/v2\/comments?post=118"}],"version-history":[{"count":22,"href":"https:\/\/lacapelle-segalar.fr\/index.php\/wp-json\/wp\/v2\/pages\/118\/revisions"}],"predecessor-version":[{"id":1917,"href":"https:\/\/lacapelle-segalar.fr\/index.php\/wp-json\/wp\/v2\/pages\/118\/revisions\/1917"}],"wp:attachment":[{"href":"https:\/\/lacapelle-segalar.fr\/index.php\/wp-json\/wp\/v2\/media?parent=118"}],"curies":[{"name":"wp","href":"https:\/\/api.w.org\/{rel}","templated":true}]}}