{"id":960,"date":"2022-08-29T15:12:32","date_gmt":"2022-08-29T13:12:32","guid":{"rendered":"https:\/\/lacapelle-segalar.fr\/?page_id=960"},"modified":"2024-02-02T09:09:14","modified_gmt":"2024-02-02T08:09:14","slug":"les-associations","status":"publish","type":"page","link":"https:\/\/lacapelle-segalar.fr\/index.php\/les-associations\/","title":{"rendered":"Les Infos du territoire"},"content":{"rendered":"\n<hr class=\"wp-block-separator has-text-color has-ast-global-color-6-color has-alpha-channel-opacity has-ast-global-color-6-background-color has-background is-style-wide\"\/>\n\n\n\n<figure class=\"wp-block-image aligncenter size-large\"><img loading=\"lazy\" decoding=\"async\" width=\"724\" height=\"1024\" src=\"https:\/\/lacapelle-segalar.fr\/wp-content\/uploads\/2024\/02\/2024-02-Marches-4C-2024-VD-1-724x1024.jpg\" alt=\"\" class=\"wp-image-1559\" srcset=\"https:\/\/lacapelle-segalar.fr\/wp-content\/uploads\/2024\/02\/2024-02-Marches-4C-2024-VD-1-724x1024.jpg 724w, https:\/\/lacapelle-segalar.fr\/wp-content\/uploads\/2024\/02\/2024-02-Marches-4C-2024-VD-1-212x300.jpg 212w, https:\/\/lacapelle-segalar.fr\/wp-content\/uploads\/2024\/02\/2024-02-Marches-4C-2024-VD-1-768x1086.jpg 768w, https:\/\/lacapelle-segalar.fr\/wp-content\/uploads\/2024\/02\/2024-02-Marches-4C-2024-VD-1-1086x1536.jpg 1086w, https:\/\/lacapelle-segalar.fr\/wp-content\/uploads\/2024\/02\/2024-02-Marches-4C-2024-VD-1-1448x2048.jpg 1448w, https:\/\/lacapelle-segalar.fr\/wp-content\/uploads\/2024\/02\/2024-02-Marches-4C-2024-VD-1.jpg 1587w\" sizes=\"auto, (max-width: 724px) 100vw, 724px\" \/><\/figure>\n\n\n\n<hr class=\"wp-block-separator has-text-color has-ast-global-color-6-color has-alpha-channel-opacity has-ast-global-color-6-background-color has-background is-style-wide\"\/>\n\n\n\n<div class=\"wp-block-columns is-layout-flex wp-container-core-columns-is-layout-28f84493 wp-block-columns-is-layout-flex\">\n<div class=\"wp-block-column is-layout-flow wp-block-column-is-layout-flow\">\n<figure class=\"wp-block-image size-full\"><img loading=\"lazy\" decoding=\"async\" width=\"571\" height=\"827\" src=\"https:\/\/lacapelle-segalar.fr\/wp-content\/uploads\/2023\/11\/2023-09-Flyer-camion-pizza-Bournazel.jpg\" alt=\"\" class=\"wp-image-1458\" srcset=\"https:\/\/lacapelle-segalar.fr\/wp-content\/uploads\/2023\/11\/2023-09-Flyer-camion-pizza-Bournazel.jpg 571w, https:\/\/lacapelle-segalar.fr\/wp-content\/uploads\/2023\/11\/2023-09-Flyer-camion-pizza-Bournazel-207x300.jpg 207w\" sizes=\"auto, (max-width: 571px) 100vw, 571px\" \/><\/figure>\n<\/div>\n\n\n\n<div class=\"wp-block-column is-layout-flow wp-block-column-is-layout-flow\">\n<figure class=\"wp-block-image size-full\"><img loading=\"lazy\" decoding=\"async\" width=\"579\" height=\"835\" src=\"https:\/\/lacapelle-segalar.fr\/wp-content\/uploads\/2023\/11\/2023-09-Flyer-camion-pizza-Bournazel-2.jpg\" alt=\"\" class=\"wp-image-1459\" srcset=\"https:\/\/lacapelle-segalar.fr\/wp-content\/uploads\/2023\/11\/2023-09-Flyer-camion-pizza-Bournazel-2.jpg 579w, https:\/\/lacapelle-segalar.fr\/wp-content\/uploads\/2023\/11\/2023-09-Flyer-camion-pizza-Bournazel-2-208x300.jpg 208w\" sizes=\"auto, (max-width: 579px) 100vw, 579px\" \/><\/figure>\n<\/div>\n<\/div>\n\n\n\n<hr class=\"wp-block-separator has-text-color has-ast-global-color-6-color has-alpha-channel-opacity has-ast-global-color-6-background-color has-background is-style-wide\"\/>\n\n\n\n<hr class=\"wp-block-separator has-text-color has-ast-global-color-6-color has-alpha-channel-opacity has-ast-global-color-6-background-color has-background is-style-wide\"\/>\n\n\n\n<h2 class=\"wp-block-heading has-text-align-center\"><strong><em>O&rsquo;MELOKO<\/em><\/strong><\/h2>\n\n\n\n<ul class=\"wp-block-list\">\n<li><a href=\"https:\/\/www.omeloko.fr\/\">https:\/\/www.omeloko.fr\/<\/a><\/li>\n<\/ul>\n\n\n\n<div class=\"wp-block-columns is-layout-flex wp-container-core-columns-is-layout-28f84493 wp-block-columns-is-layout-flex\">\n<div class=\"wp-block-column is-layout-flow wp-block-column-is-layout-flow\">\n<figure class=\"wp-block-image size-full\"><img loading=\"lazy\" decoding=\"async\" width=\"574\" height=\"764\" src=\"https:\/\/lacapelle-segalar.fr\/wp-content\/uploads\/2023\/11\/2022-08-Affiche-Omeloko0001.jpg\" alt=\"\" class=\"wp-image-1460\" srcset=\"https:\/\/lacapelle-segalar.fr\/wp-content\/uploads\/2023\/11\/2022-08-Affiche-Omeloko0001.jpg 574w, https:\/\/lacapelle-segalar.fr\/wp-content\/uploads\/2023\/11\/2022-08-Affiche-Omeloko0001-225x300.jpg 225w\" sizes=\"auto, (max-width: 574px) 100vw, 574px\" \/><\/figure>\n<\/div>\n\n\n\n<div class=\"wp-block-column is-layout-flow wp-block-column-is-layout-flow\">\n<figure class=\"wp-block-image size-large\"><img loading=\"lazy\" decoding=\"async\" width=\"766\" height=\"1024\" src=\"https:\/\/lacapelle-segalar.fr\/wp-content\/uploads\/2023\/11\/2022-08-Affiche-Omeloko0002-766x1024.jpg\" alt=\"\" class=\"wp-image-1461\" srcset=\"https:\/\/lacapelle-segalar.fr\/wp-content\/uploads\/2023\/11\/2022-08-Affiche-Omeloko0002-766x1024.jpg 766w, https:\/\/lacapelle-segalar.fr\/wp-content\/uploads\/2023\/11\/2022-08-Affiche-Omeloko0002-224x300.jpg 224w, https:\/\/lacapelle-segalar.fr\/wp-content\/uploads\/2023\/11\/2022-08-Affiche-Omeloko0002-768x1027.jpg 768w, https:\/\/lacapelle-segalar.fr\/wp-content\/uploads\/2023\/11\/2022-08-Affiche-Omeloko0002-1149x1536.jpg 1149w, https:\/\/lacapelle-segalar.fr\/wp-content\/uploads\/2023\/11\/2022-08-Affiche-Omeloko0002.jpg 1153w\" sizes=\"auto, (max-width: 766px) 100vw, 766px\" \/><\/figure>\n<\/div>\n<\/div>\n\n\n\n<hr class=\"wp-block-separator has-text-color has-ast-global-color-6-color has-alpha-channel-opacity has-ast-global-color-6-background-color has-background is-style-wide\"\/>\n\n\n\n<figure class=\"wp-block-image aligncenter size-large\"><img loading=\"lazy\" decoding=\"async\" width=\"1024\" height=\"403\" src=\"https:\/\/lacapelle-segalar.fr\/wp-content\/uploads\/2022\/10\/707-ALBI-CORDES-2021-2022-1-1024x403.jpg\" alt=\"\" class=\"wp-image-1061\" srcset=\"https:\/\/lacapelle-segalar.fr\/wp-content\/uploads\/2022\/10\/707-ALBI-CORDES-2021-2022-1-1024x403.jpg 1024w, https:\/\/lacapelle-segalar.fr\/wp-content\/uploads\/2022\/10\/707-ALBI-CORDES-2021-2022-1-300x118.jpg 300w, https:\/\/lacapelle-segalar.fr\/wp-content\/uploads\/2022\/10\/707-ALBI-CORDES-2021-2022-1-768x302.jpg 768w, https:\/\/lacapelle-segalar.fr\/wp-content\/uploads\/2022\/10\/707-ALBI-CORDES-2021-2022-1.jpg 1299w\" sizes=\"auto, (max-width: 1024px) 100vw, 1024px\" \/><\/figure>\n\n\n\n<figure class=\"wp-block-image aligncenter size-large\"><img loading=\"lazy\" decoding=\"async\" width=\"1024\" height=\"403\" src=\"https:\/\/lacapelle-segalar.fr\/wp-content\/uploads\/2022\/10\/707-ALBI-CORDES-2021-2022-2-1024x403.jpg\" alt=\"\" class=\"wp-image-1062\" srcset=\"https:\/\/lacapelle-segalar.fr\/wp-content\/uploads\/2022\/10\/707-ALBI-CORDES-2021-2022-2-1024x403.jpg 1024w, https:\/\/lacapelle-segalar.fr\/wp-content\/uploads\/2022\/10\/707-ALBI-CORDES-2021-2022-2-300x118.jpg 300w, https:\/\/lacapelle-segalar.fr\/wp-content\/uploads\/2022\/10\/707-ALBI-CORDES-2021-2022-2-768x302.jpg 768w, https:\/\/lacapelle-segalar.fr\/wp-content\/uploads\/2022\/10\/707-ALBI-CORDES-2021-2022-2.jpg 1299w\" sizes=\"auto, (max-width: 1024px) 100vw, 1024px\" \/><\/figure>\n\n\n\n<hr class=\"wp-block-separator alignfull has-text-color has-ast-global-color-6-color has-alpha-channel-opacity has-ast-global-color-6-background-color has-background\"\/>\n\n\n\n<h2 class=\"wp-block-heading has-text-align-center\"><strong><em>Le Th\u00e9\u00e2tre du Colombier<\/em><\/strong><\/h2>\n\n\n\n<ul class=\"wp-block-list\">\n<li><a href=\"https:\/\/theatrelecolombier.fr\/\">https:\/\/theatrelecolombier.fr\/<\/a><\/li>\n<\/ul>\n\n\n\n<hr class=\"wp-block-separator alignfull has-text-color has-ast-global-color-6-color has-alpha-channel-opacity has-ast-global-color-6-background-color has-background\"\/>\n\n\n\n<h2 class=\"wp-block-heading has-text-align-center\"><strong><em>ADMR<\/em><\/strong><\/h2>\n\n\n\n<ul class=\"wp-block-list\">\n<li>https:\/\/www.admr.org\/associations\/admr-le-segalar<\/li>\n<\/ul>\n\n\n\n<hr class=\"wp-block-separator alignfull has-text-color has-ast-global-color-6-color has-alpha-channel-opacity has-ast-global-color-6-background-color has-background\"\/>\n\n\n\n<h2 class=\"wp-block-heading has-text-align-center\"><strong><em>Le Petit Espant\u00e9<\/em><\/strong><\/h2>\n\n\n\n<ul class=\"wp-block-list\">\n<li>https:\/\/www.tourisme-tarn.com\/decouvrir\/le-petit-espante\/<\/li>\n<\/ul>\n\n\n\n<hr class=\"wp-block-separator alignfull has-text-color has-ast-global-color-6-color has-alpha-channel-opacity has-ast-global-color-6-background-color has-background\"\/>\n\n\n\n<h2 class=\"wp-block-heading has-text-align-center\"><strong><em>L&rsquo;office du Tourisme La Toscane Occitane<\/em><\/strong><\/h2>\n\n\n\n<ul class=\"wp-block-list\">\n<li>https:\/\/www.la-toscane-occitane.com\/<\/li>\n<\/ul>\n\n\n\n<hr class=\"wp-block-separator alignfull has-text-color has-ast-global-color-6-color has-alpha-channel-opacity has-ast-global-color-6-background-color has-background\"\/>\n\n\n\n<p class=\"has-text-align-center has-ast-global-color-8-color has-text-color has-large-font-size\"><strong><em>L&rsquo;\u00c9t\u00e9 de Vaour<\/em><\/strong><\/p>\n\n\n\n<ul class=\"wp-block-list\">\n<li><a rel=\"noreferrer noopener\" href=\"http:\/\/lvyp.mj.am\/lnk\/AWQAAAxRXS0AAc28WFwAAGfOQ64AARpl4UUAC7dvAAJK6ABjzk4PbMRNM2RpTRqdbsbb7PkzSwACMow\/24\/kTU_KaWUkuHWCUoLEsro2Q\/aHR0cDovL3d3dy5ldGVkZXZhb3VyLm9yZw\" target=\"_blank\"><strong><u>www.etedevaour.org<\/u><\/strong><\/a><\/li>\n<\/ul>\n","protected":false},"excerpt":{"rendered":"<p>O&rsquo;MELOKO Le Th\u00e9\u00e2tre du Colombier ADMR Le Petit Espant\u00e9 L&rsquo;office du Tourisme La Toscane Occitane L&rsquo;\u00c9t\u00e9 de Vaour<\/p>\n","protected":false},"author":2,"featured_media":0,"parent":0,"menu_order":0,"comment_status":"closed","ping_status":"closed","template":"","meta":{"site-sidebar-layout":"default","site-content-layout":"","ast-site-content-layout":"default","site-content-style":"default","site-sidebar-style":"default","ast-global-header-display":"","ast-banner-title-visibility":"","ast-main-header-display":"","ast-hfb-above-header-display":"","ast-hfb-below-header-display":"","ast-hfb-mobile-header-display":"","site-post-title":"","ast-breadcrumbs-content":"","ast-featured-img":"","footer-sml-layout":"","ast-disable-related-posts":"","theme-transparent-header-meta":"","adv-header-id-meta":"","stick-header-meta":"","header-above-stick-meta":"","header-main-stick-meta":"","header-below-stick-meta":"","astra-migrate-meta-layouts":"default","ast-page-background-enabled":"default","ast-page-background-meta":{"desktop":{"background-color":"var(--ast-global-color-4)","background-image":"","background-repeat":"repeat","background-position":"center center","background-size":"auto","background-attachment":"scroll","background-type":"","background-media":"","overlay-type":"","overlay-color":"","overlay-opacity":"","overlay-gradient":""},"tablet":{"background-color":"","background-image":"","background-repeat":"repeat","background-position":"center center","background-size":"auto","background-attachment":"scroll","background-type":"","background-media":"","overlay-type":"","overlay-color":"","overlay-opacity":"","overlay-gradient":""},"mobile":{"background-color":"","background-image":"","background-repeat":"repeat","background-position":"center center","background-size":"auto","background-attachment":"scroll","background-type":"","background-media":"","overlay-type":"","overlay-color":"","overlay-opacity":"","overlay-gradient":""}},"ast-content-background-meta":{"desktop":{"background-color":"var(--ast-global-color-5)","background-image":"","background-repeat":"repeat","background-position":"center center","background-size":"auto","background-attachment":"scroll","background-type":"","background-media":"","overlay-type":"","overlay-color":"","overlay-opacity":"","overlay-gradient":""},"tablet":{"background-color":"var(--ast-global-color-5)","background-image":"","background-repeat":"repeat","background-position":"center center","background-size":"auto","background-attachment":"scroll","background-type":"","background-media":"","overlay-type":"","overlay-color":"","overlay-opacity":"","overlay-gradient":""},"mobile":{"background-color":"var(--ast-global-color-5)","background-image":"","background-repeat":"repeat","background-position":"center center","background-size":"auto","background-attachment":"scroll","background-type":"","background-media":"","overlay-type":"","overlay-color":"","overlay-opacity":"","overlay-gradient":""}},"footnotes":""},"class_list":["post-960","page","type-page","status-publish","hentry"],"_links":{"self":[{"href":"https:\/\/lacapelle-segalar.fr\/index.php\/wp-json\/wp\/v2\/pages\/960","targetHints":{"allow":["GET"]}}],"collection":[{"href":"https:\/\/lacapelle-segalar.fr\/index.php\/wp-json\/wp\/v2\/pages"}],"about":[{"href":"https:\/\/lacapelle-segalar.fr\/index.php\/wp-json\/wp\/v2\/types\/page"}],"author":[{"embeddable":true,"href":"https:\/\/lacapelle-segalar.fr\/index.php\/wp-json\/wp\/v2\/users\/2"}],"replies":[{"embeddable":true,"href":"https:\/\/lacapelle-segalar.fr\/index.php\/wp-json\/wp\/v2\/comments?post=960"}],"version-history":[{"count":9,"href":"https:\/\/lacapelle-segalar.fr\/index.php\/wp-json\/wp\/v2\/pages\/960\/revisions"}],"predecessor-version":[{"id":1562,"href":"https:\/\/lacapelle-segalar.fr\/index.php\/wp-json\/wp\/v2\/pages\/960\/revisions\/1562"}],"wp:attachment":[{"href":"https:\/\/lacapelle-segalar.fr\/index.php\/wp-json\/wp\/v2\/media?parent=960"}],"curies":[{"name":"wp","href":"https:\/\/api.w.org\/{rel}","templated":true}]}}